{"id":41,"date":"2016-05-31T13:59:13","date_gmt":"2016-05-31T13:59:13","guid":{"rendered":"http:\/\/mah.ro\/hun\/?page_id=41"},"modified":"2016-11-05T02:08:06","modified_gmt":"2016-11-05T02:08:06","slug":"rolunk","status":"publish","type":"page","link":"https:\/\/mah.ro\/hun\/rolunk\/","title":{"rendered":"R\u00f3lunk"},"content":{"rendered":"<p>A MACOS &amp; HALL KFT Rom\u00e1ni\u00e1ban az egyik legfontosabb traktor, p\u00f3tkocsi \u00e9s mez\u0151gazdas\u00e1gi eszk\u00f6z forgalmaz\u00f3. Csak Eur\u00f3p\u00e1ban gy\u00e1rt\u00f3tt traktorokat \u00e9s p\u00f3tkocsikat forgalmazunk az eg\u00e9sz orsz\u00e1gban, valamint mez\u0151gazdas\u00e1gi eszk\u00f6z\u00f6ket, f\u0171ny\u00edr\u00f3kat, gerebly\u00e9ket, f\u00f6ldgyalukat, apr\u00edt\u00f3kat stb. Minden forgalmazott term\u00e9kre garanci\u00e1t, utogaranci\u00e1t \u00e9s eredeti p\u00f3talkatr\u00e9szt biztos\u00edtunk.<\/p>\n<p>&nbsp;<\/p>\n<p>Egy p\u00e1r sz\u00f3 a MACOS &amp; HALL KFT legfontosabb partnereir\u0151l:<\/p>\n<div class=\"section group\">\n<div class=\"col span_4_of_12\">\n<h2>Az URSUS<\/h2>\n<p>1893-ban 3 mern\u0151k \u00e9s 4 \u00fczletember alak\u00edtotta \u00e9s akkoriban cs\u00f6veket \u00e9s alkatr\u00e9szeket gy\u00e1rtottak Vars\u00f3ban a cukorgy\u00e1rnak. 1903-ban b\u0151v\u00fclt \u00e9s megkezdte a bels\u0151 \u00e9g\u00e9s\u0171 motorok gy\u00e1rt\u00e1s\u00e1t mez\u0151gazdas\u00e1gi traktorokhoz ( akkoriban a ,, locomobile,,). <\/p>\n<p>Az els\u0151 vil\u00e1gh\u00e1bor\u00fa kezdet\u00e9ig t\u00f6bb mint 4000 80 LE motor volt gy\u00e1rtva \u00e9s az URSUS gy\u00e1rnak Moszkv\u00e1ban, St. Petersburgban, Odessaban, Omskban voltak az irod\u00e1i.<br \/>\nUgyancsak ebben az id\u0151szakban az URSUS motorok kezdtek arany\u00e9rmeket nyerni k\u00fcl\u00f6nb\u00f6z\u0151 versenyeken: Moszkvaban, TsarskoeSelo, Lvov, Czestochowa&#8230;<\/p>\n<p>A lengyel hadsereggel nyert szerz\u0151d\u00e9st k\u00f6vet\u0151en 1923-ban megkezdte a kamionok gy\u00e1rt\u00e1s\u00e1t. A h\u00e1bor\u00fa ut\u00e1n az URSUS gy\u00e1r \u00fajra volt \u00e9p\u00edtve \u00e9s megkezdte az URSUS C-45 gy\u00e1rt\u00e1s\u00e1t, amely a n\u00e9met Lanz Buldog traktornak a m\u00e1solata. Az 50es \u00e9vek folyam\u00e1n megkezdte az \u00faj sz\u00e9ria gy\u00e1rt\u00e1s\u00e1t a Zetor modell alapj\u00e1n .<\/p>\n<p>1977-ben az URSUS gy\u00e1r kapott egy igen sz\u00e9p \u00f6sszeget a technol\u00f3gia b\u0151v\u00edt\u00e9s\u00e9re \u00e9s a 80-as \u00e9vekben elkezdte a Massey Ferguson \u00faj modellnek a fejleszt\u00e9s\u00e9t . 1998-ban \u00e1tszerveztek az URSUS gy\u00e1rat, \u00faj befektet\u0151ket kerestek, megkezdtek megjelenni az \u00faj modellek a Massey Ferguson licenc alapj\u00e1n, 2006-ban az 1 500 000-ik meg\u00e9p\u00edtett traktort \u00fcnnepelt\u00e9k a m\u00e1sodik vil\u00e1gh\u00e1bor\u00fa v\u00e9g\u00e9t\u0151l sz\u00e1m\u00edtva.<\/p>\n<h2>2011-ben<\/h2>\n<p>az URSUS r\u00e9szv\u00e9nyeket felv\u00e1s\u00e1rolta a POL-MOT Warfama S.A c\u00e9g (1946-ban alap\u00edt\u00f3dott Dobre Miastoban, a p\u00f3tkocsik, rakod\u00f3k, b\u00e1l\u00e1z\u00f3k \u00e9s m\u00e1s mez\u0151gazdas\u00e1gi g\u00e9peket gy\u00e1rt\u00f3ja). Ennek eredm\u00e9nyek\u00e9nt a termel\u00e9s l\u00e1tv\u00e1nyosan emelkedett. 2012-ben gy\u00e1rtott\u00e1k az els\u0151 PERKNS traktorokat \u00e9s 2014-ben bevezett\u00e9k a Carraro sebess\u00e9gv\u00e1lt\u00f3t . 2013 -ban al\u00e1\u00edrt\u00e1k a szerz\u0151d\u00e9st a K\u00f6zleked\u00e9si Hatos\u00e1ggal Lublinb\u00f3l, ami ut\u00e1n 38 trolibuszt kellett gy\u00e1rtsanak .A lublini technikai egyetem egy\u00fcttm\u0171k\u00f6d\u00e9s\u00e9vel 2014-ben megkezdte az els\u0151 villamos gy\u00e1rt\u00e1s\u00e1t. 2015-ben az URSUS elkezdte a saj\u00e1t sebess\u00e9gv\u00e1lt\u00f3 fejleszt\u00e9s\u00e9t, a Vigus projekt n\u00e9ven, amely jelent\u0151sen megn\u00f6velte a (100 es 180 LE) traktorok min\u0151s\u00e9get \u00e9s megb\u00edzhat\u00f3s\u00e1g\u00e1t. Az \u00faj sebess\u00e9gv\u00e1lt\u00f3k gy\u00e1rt\u00e1sa az URSUS gy\u00e1r f\u00fcggetlens\u00e9g\u00e9t jelentette a k\u00fcls\u0151 forgalmaz\u00f3kkal szemben \u00e9s \u00edgy a bev\u00e9tele is nagyon megn\u0151tt.<\/p>\n<\/div>\n<div class=\"col span_4_of_12\">\n<h2>LABIN Progres TPS<\/h2>\n<p>1977 m\u00e1rcius\u00e1ban volt alap\u00edtva. A hossz\u00fa hagyom\u00e1ny \u00e9s a t\u00f6bb mint  300.000 traktorok \u00e9s  mez\u0151gazdas\u00e1gi g\u00e9pek garant\u00e1lj\u00e1k a v\u00e1s\u00e1rlok bizalm\u00e1t .<br \/>\nA term\u00e9kek min\u0151s\u00e9g\u00e9re \u00e9s biztons\u00e1g\u00e1ra figyelve, amelyet meger\u0151s\u00edtik a min\u0151s\u00e9gi tan\u00fas\u00edtv\u00e1nyok: ISO 9001: 2000, ISO 14001, OHSAS 18001 amit birtokol, egyben a k\u00f6rnyezetv\u00e9delemre val\u00f3 figyelem, a TUBER traktor gy\u00e1rt\u00f3j\u00e1nak az alap\u00e9rt\u00e9kei. Az \u00fcgyf\u00e9l el\u00e9gedetts\u00e9ge az els\u0151dleges c\u00e9l Labinban. <\/p>\n<p>A t\u00f6k\u00e9letes diz\u00e1jn ebb\u0151l a traktorb\u00f3l kihoz egy t\u00f6k\u00e9letes m\u0171k\u00f6d\u00e9st, ergn\u00f3mi\u00e1t \u00e9s eszt\u00e9tik\u00e1t, ami sikert hozott a piacon \u00e9s elismer\u00e9st nyert nemzetk\u00f6zi szinten \u201cBienala de Design Industrial BIO 18\u201d \u2013Szlov\u00e9ni\u00e1ban , ,, d\u00edjat mint ,,Legjobb diz\u00e1jn menedzsment,, &#8211; Nagy Britanniaban, I d\u00edjat Kro\u00e1ci\u00e1ban ,, kreat\u00edv \u00e9s innovat\u00edv term\u00e9kek,, kateg\u00f3ri\u00e1j\u00e1ban. <\/p>\n<p>A n\u00f6v\u00e9nytermeszt\u00e9s mellett a TUBER traktor alkalmas sz\u0151l\u0151termeszt\u00e9sre, gy\u00fcm\u00f6lcs\u00f6sbe, kertekbe, kis \u00e9s k\u00f6zepes gazdas\u00e1gokban, k\u00f6zepes \u00e9s kis \u00e1llattart\u00f3 terepekre a tengelyt\u00e1vnak k\u00f6sz\u00f6nhet\u0151en (r\u00f6vid a t\u00e1vols\u00e1g a tengelyek k\u00f6z\u00f6tt). A TUBER traktorok a CE szabv\u00e1nyoknak megfelel\u0151en vannak tan\u00fas\u00edtva, \u00e9s forgalomban vannak 4 t\u00edpus\u00fa 4 hengeres \u00e9s v\u00edzh\u0171t\u00e9ses motorral  35 LE \u00e9s 48 LE k\u00f6z\u00f6tt: Lombardini LDW 1603 \u00e9s Yanmar 3TNV88 illetve Lombardini LDW 2204\/B1 \u00e9s Yanmar 4TNV88-BKCM. Ezek a motorok bebizony\u00edtott\u00e1k a megb\u00edzhat\u00f3s\u00e1got \u00e9s a tart\u00f3ss\u00e1got mez\u0151gazdas\u00e1gi \u00e9s k\u00f6z\u00f6s\u00e9gi munk\u00e1kban.<\/p>\n<\/div>\n<div class=\"col span_4_of_12\">\n<h2>A MACOS &amp; HALL KFT<\/h2>\n<p>eur\u00f3pai mez\u0151gazdas\u00e1gi gy\u00e1rt\u00f3kkal szerz\u0151dve, \u00faj technol\u00f3gi\u00e1t frissitve folyamatosan a piacra dob Romani\u00e1ban : apr\u00edt\u00f3foldgyakat, f\u00f6ldgyalukat, gerebly\u00e9ket, kasz\u00e1l\u00f3g\u00e9peket stb.<\/p>\n<p>A kutat\u00f3 \u00e9s fejleszt\u0151 k\u00f6zpont egy\u00fctt m\u00fck\u0151dik mez\u0151gazdas\u00e1gi, m\u00e9rn\u00f6ki mechanika fels\u0151fok\u00fa oktat\u00e1si  int\u00e9zm\u00e9nyekkel  Olaszorsz\u00e1gban, Franciaorsz\u00e1gban, N\u00e9metorsz\u00e1gban es Romani\u00e1ban hogy a piacon megmaradjanak.<\/p>\n<p>Az \u00f6sszes a MACOS HALL KFT \u00e1ltal forgalmazott term\u00e9k viseli a CE m\u00e1rk\u00e1t.<\/p>\n<p>10 \u00e9ven fel\u00fcli forgalmaz\u00f3i tapasztalattal a mez\u0151gazdas\u00e1gi g\u00e9pekre elismerv\u00e9nyt kapott az eg\u00e9sz orsz\u00e1gb\u00f3l \u00e9s ez seg\u00edtett hogy versenyk\u00e9pes megvalos\u00edtast \u00e9rjen el az eur\u00f3pai neves mez\u0151gazdas\u00e1gi g\u00e9pgy\u00e1rt\u00f3kkal szemben.<\/p>\n<\/div>\n<div class=\"col span_4_of_12\">\n<p>&nbsp;<\/p>\n<\/div>\n<\/div>\n","protected":false},"excerpt":{"rendered":"<p>A MACOS &#038; HALL KFT  traktorok, p\u00f3tkocsik \u00e9s mez\u0151gazdas\u00e1gi eszk\u00f6z\u00f6k forgalmaz\u00f3ja.<\/p>\n","protected":false},"author":1,"featured_media":114,"parent":0,"menu_order":0,"comment_status":"closed","ping_status":"closed","template":"","meta":{"footnotes":""},"class_list":["post-41","page","type-page","status-publish","has-post-thumbnail","hentry"],"yoast_head":"<!-- This site is optimized with the Yoast SEO plugin v27.5 - https:\/\/yoast.com\/product\/yoast-seo-wordpress\/ -->\n<title>R\u00f3lunk - MACOS &amp; HALL<\/title>\n<meta name=\"description\" content=\"A MACOS &amp; HALL KFT Rom\u00e1ni\u00e1ban az egyik legfontosabb traktor, p\u00f3tkocsi \u00e9s mez\u0151gazdas\u00e1gi eszk\u00f6z forgalmaz\u00f3.\" \/>\n<meta name=\"robots\" content=\"index, follow, max-snippet:-1, max-image-preview:large, max-video-preview:-1\" \/>\n<link rel=\"canonical\" href=\"https:\/\/mah.ro\/hun\/rolunk\/\" \/>\n<meta property=\"og:locale\" content=\"ro_RO\" \/>\n<meta property=\"og:type\" content=\"article\" \/>\n<meta property=\"og:title\" content=\"R\u00f3lunk - MACOS &amp; HALL\" \/>\n<meta property=\"og:description\" content=\"A MACOS &amp; HALL KFT Rom\u00e1ni\u00e1ban az egyik legfontosabb traktor, p\u00f3tkocsi \u00e9s mez\u0151gazdas\u00e1gi eszk\u00f6z forgalmaz\u00f3.\" \/>\n<meta property=\"og:url\" content=\"https:\/\/mah.ro\/hun\/rolunk\/\" \/>\n<meta property=\"og:site_name\" content=\"MACOS &amp; HALL\" \/>\n<meta property=\"article:modified_time\" content=\"2016-11-05T02:08:06+00:00\" \/>\n<meta property=\"og:image\" content=\"https:\/\/mah.ro\/hun\/wp-content\/uploads\/despre-background.jpg\" \/>\n\t<meta property=\"og:image:width\" content=\"1600\" \/>\n\t<meta property=\"og:image:height\" content=\"400\" \/>\n\t<meta property=\"og:image:type\" content=\"image\/jpeg\" \/>\n<meta name=\"twitter:card\" content=\"summary_large_image\" \/>\n<meta name=\"twitter:label1\" content=\"Timp estimat pentru citire\" \/>\n\t<meta name=\"twitter:data1\" content=\"5 minute\" \/>\n<script type=\"application\/ld+json\" class=\"yoast-schema-graph\">{\"@context\":\"https:\\\/\\\/schema.org\",\"@graph\":[{\"@type\":\"WebPage\",\"@id\":\"https:\\\/\\\/mah.ro\\\/hun\\\/rolunk\\\/\",\"url\":\"https:\\\/\\\/mah.ro\\\/hun\\\/rolunk\\\/\",\"name\":\"R\u00f3lunk - MACOS &amp; HALL\",\"isPartOf\":{\"@id\":\"https:\\\/\\\/mah.ro\\\/hun\\\/#website\"},\"primaryImageOfPage\":{\"@id\":\"https:\\\/\\\/mah.ro\\\/hun\\\/rolunk\\\/#primaryimage\"},\"image\":{\"@id\":\"https:\\\/\\\/mah.ro\\\/hun\\\/rolunk\\\/#primaryimage\"},\"thumbnailUrl\":\"https:\\\/\\\/mah.ro\\\/hun\\\/wp-content\\\/uploads\\\/despre-background.jpg\",\"datePublished\":\"2016-05-31T13:59:13+00:00\",\"dateModified\":\"2016-11-05T02:08:06+00:00\",\"description\":\"A MACOS &amp; HALL KFT Rom\u00e1ni\u00e1ban az egyik legfontosabb traktor, p\u00f3tkocsi \u00e9s mez\u0151gazdas\u00e1gi eszk\u00f6z forgalmaz\u00f3.\",\"breadcrumb\":{\"@id\":\"https:\\\/\\\/mah.ro\\\/hun\\\/rolunk\\\/#breadcrumb\"},\"inLanguage\":\"ro-RO\",\"potentialAction\":[{\"@type\":\"ReadAction\",\"target\":[\"https:\\\/\\\/mah.ro\\\/hun\\\/rolunk\\\/\"]}]},{\"@type\":\"ImageObject\",\"inLanguage\":\"ro-RO\",\"@id\":\"https:\\\/\\\/mah.ro\\\/hun\\\/rolunk\\\/#primaryimage\",\"url\":\"https:\\\/\\\/mah.ro\\\/hun\\\/wp-content\\\/uploads\\\/despre-background.jpg\",\"contentUrl\":\"https:\\\/\\\/mah.ro\\\/hun\\\/wp-content\\\/uploads\\\/despre-background.jpg\",\"width\":1600,\"height\":400},{\"@type\":\"BreadcrumbList\",\"@id\":\"https:\\\/\\\/mah.ro\\\/hun\\\/rolunk\\\/#breadcrumb\",\"itemListElement\":[{\"@type\":\"ListItem\",\"position\":1,\"name\":\"Home\",\"item\":\"https:\\\/\\\/mah.ro\\\/hun\\\/\"},{\"@type\":\"ListItem\",\"position\":2,\"name\":\"R\u00f3lunk\"}]},{\"@type\":\"WebSite\",\"@id\":\"https:\\\/\\\/mah.ro\\\/hun\\\/#website\",\"url\":\"https:\\\/\\\/mah.ro\\\/hun\\\/\",\"name\":\"MACOS &amp; HALL\",\"description\":\"Mez\u0151gazdas\u00e1gi g\u00e9pek nemzetk\u00f6zi forgalmaz\u00f3ja.\",\"publisher\":{\"@id\":\"https:\\\/\\\/mah.ro\\\/hun\\\/#organization\"},\"potentialAction\":[{\"@type\":\"SearchAction\",\"target\":{\"@type\":\"EntryPoint\",\"urlTemplate\":\"https:\\\/\\\/mah.ro\\\/hun\\\/?s={search_term_string}\"},\"query-input\":{\"@type\":\"PropertyValueSpecification\",\"valueRequired\":true,\"valueName\":\"search_term_string\"}}],\"inLanguage\":\"ro-RO\"},{\"@type\":\"Organization\",\"@id\":\"https:\\\/\\\/mah.ro\\\/hun\\\/#organization\",\"name\":\"MACOS & HALL\",\"url\":\"https:\\\/\\\/mah.ro\\\/hun\\\/\",\"logo\":{\"@type\":\"ImageObject\",\"inLanguage\":\"ro-RO\",\"@id\":\"https:\\\/\\\/mah.ro\\\/hun\\\/#\\\/schema\\\/logo\\\/image\\\/\",\"url\":\"https:\\\/\\\/mah.ro\\\/hun\\\/wp-content\\\/uploads\\\/sigla-RED-Macos-Hall.jpg\",\"contentUrl\":\"https:\\\/\\\/mah.ro\\\/hun\\\/wp-content\\\/uploads\\\/sigla-RED-Macos-Hall.jpg\",\"width\":1128,\"height\":178,\"caption\":\"MACOS & HALL\"},\"image\":{\"@id\":\"https:\\\/\\\/mah.ro\\\/hun\\\/#\\\/schema\\\/logo\\\/image\\\/\"}}]}<\/script>\n<!-- \/ Yoast SEO plugin. -->","yoast_head_json":{"title":"R\u00f3lunk - MACOS &amp; HALL","description":"A MACOS &amp; HALL KFT Rom\u00e1ni\u00e1ban az egyik legfontosabb traktor, p\u00f3tkocsi \u00e9s mez\u0151gazdas\u00e1gi eszk\u00f6z forgalmaz\u00f3.","robots":{"index":"index","follow":"follow","max-snippet":"max-snippet:-1","max-image-preview":"max-image-preview:large","max-video-preview":"max-video-preview:-1"},"canonical":"https:\/\/mah.ro\/hun\/rolunk\/","og_locale":"ro_RO","og_type":"article","og_title":"R\u00f3lunk - MACOS &amp; HALL","og_description":"A MACOS &amp; HALL KFT Rom\u00e1ni\u00e1ban az egyik legfontosabb traktor, p\u00f3tkocsi \u00e9s mez\u0151gazdas\u00e1gi eszk\u00f6z forgalmaz\u00f3.","og_url":"https:\/\/mah.ro\/hun\/rolunk\/","og_site_name":"MACOS &amp; HALL","article_modified_time":"2016-11-05T02:08:06+00:00","og_image":[{"width":1600,"height":400,"url":"https:\/\/mah.ro\/hun\/wp-content\/uploads\/despre-background.jpg","type":"image\/jpeg"}],"twitter_card":"summary_large_image","twitter_misc":{"Timp estimat pentru citire":"5 minute"},"schema":{"@context":"https:\/\/schema.org","@graph":[{"@type":"WebPage","@id":"https:\/\/mah.ro\/hun\/rolunk\/","url":"https:\/\/mah.ro\/hun\/rolunk\/","name":"R\u00f3lunk - MACOS &amp; HALL","isPartOf":{"@id":"https:\/\/mah.ro\/hun\/#website"},"primaryImageOfPage":{"@id":"https:\/\/mah.ro\/hun\/rolunk\/#primaryimage"},"image":{"@id":"https:\/\/mah.ro\/hun\/rolunk\/#primaryimage"},"thumbnailUrl":"https:\/\/mah.ro\/hun\/wp-content\/uploads\/despre-background.jpg","datePublished":"2016-05-31T13:59:13+00:00","dateModified":"2016-11-05T02:08:06+00:00","description":"A MACOS &amp; HALL KFT Rom\u00e1ni\u00e1ban az egyik legfontosabb traktor, p\u00f3tkocsi \u00e9s mez\u0151gazdas\u00e1gi eszk\u00f6z forgalmaz\u00f3.","breadcrumb":{"@id":"https:\/\/mah.ro\/hun\/rolunk\/#breadcrumb"},"inLanguage":"ro-RO","potentialAction":[{"@type":"ReadAction","target":["https:\/\/mah.ro\/hun\/rolunk\/"]}]},{"@type":"ImageObject","inLanguage":"ro-RO","@id":"https:\/\/mah.ro\/hun\/rolunk\/#primaryimage","url":"https:\/\/mah.ro\/hun\/wp-content\/uploads\/despre-background.jpg","contentUrl":"https:\/\/mah.ro\/hun\/wp-content\/uploads\/despre-background.jpg","width":1600,"height":400},{"@type":"BreadcrumbList","@id":"https:\/\/mah.ro\/hun\/rolunk\/#breadcrumb","itemListElement":[{"@type":"ListItem","position":1,"name":"Home","item":"https:\/\/mah.ro\/hun\/"},{"@type":"ListItem","position":2,"name":"R\u00f3lunk"}]},{"@type":"WebSite","@id":"https:\/\/mah.ro\/hun\/#website","url":"https:\/\/mah.ro\/hun\/","name":"MACOS &amp; HALL","description":"Mez\u0151gazdas\u00e1gi g\u00e9pek nemzetk\u00f6zi forgalmaz\u00f3ja.","publisher":{"@id":"https:\/\/mah.ro\/hun\/#organization"},"potentialAction":[{"@type":"SearchAction","target":{"@type":"EntryPoint","urlTemplate":"https:\/\/mah.ro\/hun\/?s={search_term_string}"},"query-input":{"@type":"PropertyValueSpecification","valueRequired":true,"valueName":"search_term_string"}}],"inLanguage":"ro-RO"},{"@type":"Organization","@id":"https:\/\/mah.ro\/hun\/#organization","name":"MACOS & HALL","url":"https:\/\/mah.ro\/hun\/","logo":{"@type":"ImageObject","inLanguage":"ro-RO","@id":"https:\/\/mah.ro\/hun\/#\/schema\/logo\/image\/","url":"https:\/\/mah.ro\/hun\/wp-content\/uploads\/sigla-RED-Macos-Hall.jpg","contentUrl":"https:\/\/mah.ro\/hun\/wp-content\/uploads\/sigla-RED-Macos-Hall.jpg","width":1128,"height":178,"caption":"MACOS & HALL"},"image":{"@id":"https:\/\/mah.ro\/hun\/#\/schema\/logo\/image\/"}}]}},"_links":{"self":[{"href":"https:\/\/mah.ro\/hun\/wp-json\/wp\/v2\/pages\/41","targetHints":{"allow":["GET"]}}],"collection":[{"href":"https:\/\/mah.ro\/hun\/wp-json\/wp\/v2\/pages"}],"about":[{"href":"https:\/\/mah.ro\/hun\/wp-json\/wp\/v2\/types\/page"}],"author":[{"embeddable":true,"href":"https:\/\/mah.ro\/hun\/wp-json\/wp\/v2\/users\/1"}],"replies":[{"embeddable":true,"href":"https:\/\/mah.ro\/hun\/wp-json\/wp\/v2\/comments?post=41"}],"version-history":[{"count":0,"href":"https:\/\/mah.ro\/hun\/wp-json\/wp\/v2\/pages\/41\/revisions"}],"wp:featuredmedia":[{"embeddable":true,"href":"https:\/\/mah.ro\/hun\/wp-json\/wp\/v2\/media\/114"}],"wp:attachment":[{"href":"https:\/\/mah.ro\/hun\/wp-json\/wp\/v2\/media?parent=41"}],"curies":[{"name":"wp","href":"https:\/\/api.w.org\/{rel}","templated":true}]}}